{"id":5763,"date":"2015-01-09T07:53:12","date_gmt":"2015-01-09T07:53:12","guid":{"rendered":"http:\/\/www.vfb-bad-lauchstaedt.de\/?page_id=5763"},"modified":"2022-10-06T07:10:04","modified_gmt":"2022-10-06T07:10:04","slug":"vorstand","status":"publish","type":"page","link":"https:\/\/www.vfb-bad-lauchstaedt.de\/?page_id=5763","title":{"rendered":"Vorstand"},"content":{"rendered":"<h1><span style=\"text-decoration: underline;\"><span style=\"color: #000080;\"><em>Der Vorstand des VfB Bad Lauchst\u00e4dt<\/em><\/span><\/span><\/h1>\n<h4><em>Vorstandsvorsitzender Martin Sch\u00f6nburg<br \/>\n<a href=\"https:\/\/www.vfb-bad-lauchstaedt.de\/wp-content\/uploads\/2015\/08\/martin_schoenburg.jpg\"><img loading=\"lazy\" decoding=\"async\" class=\" alignleft wp-image-6173 \" src=\"https:\/\/www.vfb-bad-lauchstaedt.de\/wp-content\/uploads\/2015\/08\/martin_schoenburg-199x300.jpg\" alt=\"\" width=\"162\" height=\"245\" \/><\/a><\/em><\/h4>\n<p><em>\u00a0\u00a0\u00a0\u00a0\u00a0\u00a0\u00a0\u00a0\u00a0\u00a0\u00a0\u00a0\u00a0\u00a0 E-Mail<\/em><br \/>\n<em>\u00a0\u00a0\u00a0\u00a0\u00a0\u00a0\u00a0\u00a0\u00a0\u00a0\u00a0\u00a0\u00a0\u00a0 m.schoenburg@vfb-bad-lauchstaedt.de<\/em><br \/>\n<em>\u00a0\u00a0\u00a0\u00a0\u00a0\u00a0\u00a0\u00a0\u00a0\u00a0\u00a0\u00a0\u00a0\u00a0 m.schoenburg@vfb-handball.net<br \/>\n<\/em><\/p>\n<p>&nbsp;<\/p>\n<p>&nbsp;<\/p>\n<h4><\/h4>\n<h4><em>stellvertrender Vorsitzender Klaus-J\u00fcrgen Sch\u00f6nburg<br \/>\n<a href=\"https:\/\/www.vfb-bad-lauchstaedt.de\/wp-content\/uploads\/2015\/01\/KJSchoenburg.jpg\"><img loading=\"lazy\" decoding=\"async\" class=\"alignleft wp-image-5767\" src=\"https:\/\/www.vfb-bad-lauchstaedt.de\/wp-content\/uploads\/2015\/01\/KJSchoenburg.jpg\" alt=\"KJSchoenburg\" width=\"159\" height=\"220\" srcset=\"https:\/\/www.vfb-bad-lauchstaedt.de\/wp-content\/uploads\/2015\/01\/KJSchoenburg.jpg 231w, https:\/\/www.vfb-bad-lauchstaedt.de\/wp-content\/uploads\/2015\/01\/KJSchoenburg-217x300.jpg 217w\" sizes=\"auto, (max-width: 159px) 100vw, 159px\" \/><\/a><br \/>\n<\/em><\/h4>\n<p><em>\u00a0\u00a0\u00a0\u00a0\u00a0\u00a0\u00a0\u00a0\u00a0\u00a0\u00a0\u00a0\u00a0\u00a0\u00a0\u00a0\u00a0\u00a0\u00a0 E-Mail<\/em><br \/>\n<em>\u00a0\u00a0\u00a0\u00a0\u00a0\u00a0\u00a0\u00a0\u00a0\u00a0\u00a0\u00a0\u00a0\u00a0\u00a0\u00a0\u00a0\u00a0\u00a0 k-j.schoenburg@vfb-bad-lauchstaedt.de<\/em><br \/>\n<em>\u00a0\u00a0\u00a0\u00a0\u00a0\u00a0\u00a0\u00a0\u00a0\u00a0\u00a0\u00a0\u00a0\u00a0\u00a0\u00a0\u00a0\u00a0\u00a0 k.-j.schoenburg@vfb-handball.net<\/em><\/p>\n<p>&nbsp;<\/p>\n<p>&nbsp;<\/p>\n<p>&nbsp;<\/p>\n<h4><em>Kassenwart Bernd Kelling<br \/>\n<a href=\"https:\/\/www.vfb-bad-lauchstaedt.de\/wp-content\/uploads\/2015\/01\/K1024_Bernd_Kelling.jpg\"><img loading=\"lazy\" decoding=\"async\" class=\"alignleft wp-image-5816\" src=\"https:\/\/www.vfb-bad-lauchstaedt.de\/wp-content\/uploads\/2015\/01\/K1024_Bernd_Kelling-683x1024.jpg\" alt=\"K1024_Bernd_Kelling\" width=\"169\" height=\"255\" srcset=\"https:\/\/www.vfb-bad-lauchstaedt.de\/wp-content\/uploads\/2015\/01\/K1024_Bernd_Kelling-200x300.jpg 200w, https:\/\/www.vfb-bad-lauchstaedt.de\/wp-content\/uploads\/2015\/01\/K1024_Bernd_Kelling.jpg 768w\" sizes=\"auto, (max-width: 169px) 100vw, 169px\" \/><\/a><\/em><\/h4>\n<p><em>\u00a0\u00a0\u00a0\u00a0\u00a0\u00a0\u00a0\u00a0\u00a0\u00a0\u00a0\u00a0\u00a0\u00a0\u00a0\u00a0\u00a0\u00a0\u00a0 E-Mail<\/em><br \/>\n<em>\u00a0\u00a0\u00a0\u00a0\u00a0\u00a0\u00a0\u00a0\u00a0\u00a0\u00a0\u00a0\u00a0\u00a0\u00a0\u00a0\u00a0\u00a0\u00a0 b.kelling@vfb-bad-lauchstaedt.de<\/em><br \/>\n<em>\u00a0\u00a0\u00a0\u00a0\u00a0\u00a0\u00a0\u00a0\u00a0\u00a0\u00a0\u00a0\u00a0\u00a0\u00a0\u00a0\u00a0\u00a0\u00a0 b.kelling@vfb-handball.net<\/em><\/p>\n<p>&nbsp;<\/p>\n<p>&nbsp;<\/p>\n<p>&nbsp;<\/p>\n<p>&nbsp;<\/p>\n<h4><em>Schriftf\u00fchrerin Heike Nowak<br \/>\n<a href=\"https:\/\/www.vfb-bad-lauchstaedt.de\/wp-content\/uploads\/2015\/01\/heike_nowak.jpg\"><img loading=\"lazy\" decoding=\"async\" class=\"alignleft wp-image-5776\" src=\"https:\/\/www.vfb-bad-lauchstaedt.de\/wp-content\/uploads\/2015\/01\/heike_nowak.jpg\" alt=\"heike_nowak\" width=\"159\" height=\"221\" srcset=\"https:\/\/www.vfb-bad-lauchstaedt.de\/wp-content\/uploads\/2015\/01\/heike_nowak.jpg 371w, https:\/\/www.vfb-bad-lauchstaedt.de\/wp-content\/uploads\/2015\/01\/heike_nowak-216x300.jpg 216w\" sizes=\"auto, (max-width: 159px) 100vw, 159px\" \/><\/a><br \/>\n<\/em><\/h4>\n<p><em>\u00a0\u00a0\u00a0\u00a0\u00a0\u00a0\u00a0\u00a0\u00a0\u00a0\u00a0\u00a0\u00a0\u00a0\u00a0\u00a0\u00a0\u00a0\u00a0\u00a0\u00a0 E-Mail<\/em><\/p>\n<p><em>\u00a0\u00a0\u00a0\u00a0\u00a0\u00a0\u00a0\u00a0\u00a0\u00a0\u00a0\u00a0\u00a0\u00a0\u00a0\u00a0\u00a0\u00a0\u00a0\u00a0\u00a0 h.nowak@vfb-handball.net<\/em><\/p>\n<p>&nbsp;<\/p>\n<p>&nbsp;<\/p>\n<p>&nbsp;<\/p>\n<h4>Verantwortlicher f\u00fcr Presse- und \u00d6ffentlichkeitsarbeit Martin Sch\u00f6nburg<br \/>\n<a href=\"https:\/\/www.vfb-bad-lauchstaedt.de\/wp-content\/uploads\/2015\/08\/martin_schoenburg.jpg\"><img loading=\"lazy\" decoding=\"async\" class=\" alignleft wp-image-6173 \" src=\"https:\/\/www.vfb-bad-lauchstaedt.de\/wp-content\/uploads\/2015\/08\/martin_schoenburg-199x300.jpg\" alt=\"\" width=\"162\" height=\"245\" \/><\/a><\/h4>\n<p><em>\u00a0\u00a0\u00a0\u00a0\u00a0\u00a0\u00a0\u00a0\u00a0\u00a0\u00a0\u00a0\u00a0\u00a0\u00a0\u00a0\u00a0\u00a0\u00a0 E-Mail<\/em><br \/>\n<em>\u00a0\u00a0\u00a0\u00a0\u00a0\u00a0\u00a0\u00a0\u00a0\u00a0\u00a0\u00a0\u00a0\u00a0\u00a0\u00a0\u00a0\u00a0\u00a0 m.schoenburg@vfb-bad-lauchstaedt.de<\/em><br \/>\n<em>\u00a0\u00a0\u00a0\u00a0\u00a0\u00a0\u00a0\u00a0\u00a0\u00a0\u00a0\u00a0\u00a0\u00a0\u00a0\u00a0\u00a0\u00a0\u00a0 m.schoenburg@vfb-handball.net<\/em><\/p>\n<p>&nbsp;<\/p>\n<p>&nbsp;<\/p>\n<p>&nbsp;<\/p>\n<p>&nbsp;<\/p>\n<h4>Abteilungsleiter Handball R\u00fcdiger Schm\u00e4dicke<br \/>\n<a href=\"https:\/\/www.vfb-bad-lauchstaedt.de\/wp-content\/uploads\/2015\/01\/ruediger.jpg\"><img loading=\"lazy\" decoding=\"async\" class=\"alignleft wp-image-5770\" src=\"https:\/\/www.vfb-bad-lauchstaedt.de\/wp-content\/uploads\/2015\/01\/ruediger.jpg\" alt=\"ruediger\" width=\"166\" height=\"221\" srcset=\"https:\/\/www.vfb-bad-lauchstaedt.de\/wp-content\/uploads\/2015\/01\/ruediger.jpg 240w, https:\/\/www.vfb-bad-lauchstaedt.de\/wp-content\/uploads\/2015\/01\/ruediger-225x300.jpg 225w\" sizes=\"auto, (max-width: 166px) 100vw, 166px\" \/><\/a><\/h4>\n<p><em>\u00a0\u00a0\u00a0\u00a0\u00a0\u00a0\u00a0\u00a0\u00a0\u00a0\u00a0\u00a0\u00a0\u00a0\u00a0\u00a0\u00a0\u00a0\u00a0 E-Mail<\/em><br \/>\n<em>\u00a0\u00a0\u00a0\u00a0\u00a0\u00a0\u00a0\u00a0\u00a0\u00a0\u00a0\u00a0\u00a0\u00a0\u00a0\u00a0\u00a0\u00a0\u00a0 <\/em><em>r.schmaedicke@vfb-handball.net<\/em><\/p>\n<p>&nbsp;<\/p>\n<p>&nbsp;<\/p>\n<p>&nbsp;<\/p>\n<h4><\/h4>\n<h4><em>Abteilungsleiter Volleyball Guido Kropke<br \/>\nE-Mail<br \/>\ninfo@vfb-bad-lauchstaedt.de<br \/>\n<\/em><\/h4>\n<h4>Jugendwart Florian Ulrich<br \/>\n<a href=\"https:\/\/www.vfb-bad-lauchstaedt.de\/wp-content\/uploads\/2015\/01\/Ulrich_Florian.jpg\"><img loading=\"lazy\" decoding=\"async\" class=\"alignleft wp-image-5778\" src=\"https:\/\/www.vfb-bad-lauchstaedt.de\/wp-content\/uploads\/2015\/01\/Ulrich_Florian.jpg\" alt=\"Ulrich_Florian\" width=\"165\" height=\"216\" \/><\/a><\/h4>\n<p><em>\u00a0\u00a0\u00a0\u00a0\u00a0\u00a0\u00a0\u00a0\u00a0\u00a0\u00a0\u00a0\u00a0\u00a0\u00a0\u00a0\u00a0\u00a0\u00a0 E-Mail<br \/>\n<\/em><em>\u00a0\u00a0\u00a0\u00a0\u00a0\u00a0\u00a0\u00a0\u00a0\u00a0\u00a0\u00a0\u00a0\u00a0\u00a0\u00a0\u00a0\u00a0 <\/em><em>f.ulrich@vfb-handball.net<\/em><\/p>\n","protected":false},"excerpt":{"rendered":"<p>Der Vorstand des VfB Bad Lauchst\u00e4dt Vorstandsvorsitzender Martin Sch\u00f6nburg \u00a0\u00a0\u00a0\u00a0\u00a0\u00a0\u00a0\u00a0\u00a0\u00a0\u00a0\u00a0\u00a0\u00a0 E-Mail \u00a0\u00a0\u00a0\u00a0\u00a0\u00a0\u00a0\u00a0\u00a0\u00a0\u00a0\u00a0\u00a0\u00a0 m.schoenburg@vfb-bad-lauchstaedt.de \u00a0\u00a0\u00a0\u00a0\u00a0\u00a0\u00a0\u00a0\u00a0\u00a0\u00a0\u00a0\u00a0\u00a0 m.schoenburg@vfb-handball.net &nbsp; &nbsp; stellvertrender Vorsitzender Klaus-J\u00fcrgen Sch\u00f6nburg \u00a0\u00a0\u00a0\u00a0\u00a0\u00a0\u00a0\u00a0\u00a0\u00a0\u00a0\u00a0\u00a0\u00a0\u00a0\u00a0\u00a0\u00a0\u00a0 E-Mail \u00a0\u00a0\u00a0\u00a0\u00a0\u00a0\u00a0\u00a0\u00a0\u00a0\u00a0\u00a0\u00a0\u00a0\u00a0\u00a0\u00a0\u00a0\u00a0 k-j.schoenburg@vfb-bad-lauchstaedt.de \u00a0\u00a0\u00a0\u00a0\u00a0\u00a0\u00a0\u00a0\u00a0\u00a0\u00a0\u00a0\u00a0\u00a0\u00a0\u00a0\u00a0\u00a0\u00a0 k.-j.schoenburg@vfb-handball.net &nbsp; &nbsp; &nbsp; Kassenwart Bernd Kelling \u00a0\u00a0\u00a0\u00a0\u00a0\u00a0\u00a0\u00a0\u00a0\u00a0\u00a0\u00a0\u00a0\u00a0\u00a0\u00a0\u00a0\u00a0\u00a0 E-Mail \u00a0\u00a0\u00a0\u00a0\u00a0\u00a0\u00a0\u00a0\u00a0\u00a0\u00a0\u00a0\u00a0\u00a0\u00a0\u00a0\u00a0\u00a0\u00a0 b.kelling@vfb-bad-lauchstaedt.de \u00a0\u00a0\u00a0\u00a0\u00a0\u00a0\u00a0\u00a0\u00a0\u00a0\u00a0\u00a0\u00a0\u00a0\u00a0\u00a0\u00a0\u00a0\u00a0 b.kelling@vfb-handball.net &nbsp; &nbsp; &nbsp; &nbsp; Schriftf\u00fchrerin Heike Nowak \u00a0\u00a0\u00a0\u00a0\u00a0\u00a0\u00a0\u00a0\u00a0\u00a0\u00a0\u00a0\u00a0\u00a0\u00a0\u00a0\u00a0\u00a0\u00a0\u00a0\u00a0 E-Mail \u00a0\u00a0\u00a0\u00a0\u00a0\u00a0\u00a0\u00a0\u00a0\u00a0\u00a0\u00a0\u00a0\u00a0\u00a0\u00a0\u00a0\u00a0\u00a0\u00a0\u00a0 h.nowak@vfb-handball.net &nbsp; &nbsp; &nbsp; Verantwortlicher f\u00fcr [&hellip;]<\/p>\n","protected":false},"author":2,"featured_media":0,"parent":5733,"menu_order":0,"comment_status":"closed","ping_status":"open","template":"","meta":{"footnotes":""},"class_list":["post-5763","page","type-page","status-publish","hentry"],"_links":{"self":[{"href":"https:\/\/www.vfb-bad-lauchstaedt.de\/index.php?rest_route=\/wp\/v2\/pages\/5763","targetHints":{"allow":["GET"]}}],"collection":[{"href":"https:\/\/www.vfb-bad-lauchstaedt.de\/index.php?rest_route=\/wp\/v2\/pages"}],"about":[{"href":"https:\/\/www.vfb-bad-lauchstaedt.de\/index.php?rest_route=\/wp\/v2\/types\/page"}],"author":[{"embeddable":true,"href":"https:\/\/www.vfb-bad-lauchstaedt.de\/index.php?rest_route=\/wp\/v2\/users\/2"}],"replies":[{"embeddable":true,"href":"https:\/\/www.vfb-bad-lauchstaedt.de\/index.php?rest_route=%2Fwp%2Fv2%2Fcomments&post=5763"}],"version-history":[{"count":23,"href":"https:\/\/www.vfb-bad-lauchstaedt.de\/index.php?rest_route=\/wp\/v2\/pages\/5763\/revisions"}],"predecessor-version":[{"id":6932,"href":"https:\/\/www.vfb-bad-lauchstaedt.de\/index.php?rest_route=\/wp\/v2\/pages\/5763\/revisions\/6932"}],"up":[{"embeddable":true,"href":"https:\/\/www.vfb-bad-lauchstaedt.de\/index.php?rest_route=\/wp\/v2\/pages\/5733"}],"wp:attachment":[{"href":"https:\/\/www.vfb-bad-lauchstaedt.de\/index.php?rest_route=%2Fwp%2Fv2%2Fmedia&parent=5763"}],"curies":[{"name":"wp","href":"https:\/\/api.w.org\/{rel}","templated":true}]}}